{"id":164,"date":"2023-11-07T10:07:04","date_gmt":"2023-11-07T10:07:04","guid":{"rendered":"https:\/\/eniede.eu\/acasa\/"},"modified":"2024-07-09T13:33:47","modified_gmt":"2024-07-09T13:33:47","slug":"acasa","status":"publish","type":"page","link":"https:\/\/eniede.eu\/ro\/acasa\/","title":{"rendered":"Despre ENIEDE"},"content":{"rendered":"\t\t<div data-elementor-type=\"wp-page\" data-elementor-id=\"164\" class=\"elementor elementor-164 elementor-114\">\n\t\t\t\t<div class=\"elementor-element elementor-element-ad14932 e-con-full e-flex e-con e-parent\" data-id=\"ad14932\" data-element_type=\"container\" data-e-type=\"container\">\n\t\t\t\t<div class=\"elementor-element elementor-element-b6253d1 elementor-widget elementor-widget-heading\" data-id=\"b6253d1\" data-element_type=\"widget\" data-e-type=\"widget\" data-widget_type=\"heading.default\">\n\t\t\t\t<div class=\"elementor-widget-container\">\n\t\t\t\t\t<h2 class=\"elementor-heading-title elementor-size-default\">Ce este ENIEDE?  <\/h2>\t\t\t\t<\/div>\n\t\t\t\t<\/div>\n\t\t\t\t<div class=\"elementor-element elementor-element-24b6fbb elementor-widget elementor-widget-text-editor\" data-id=\"24b6fbb\" data-element_type=\"widget\" data-e-type=\"widget\" data-widget_type=\"text-editor.default\">\n\t\t\t\t<div class=\"elementor-widget-container\">\n\t\t\t\t\t\t\t\t\t<p dir=\"ltr\">\u00cen cadrul unui proiect de cooperare sprijinit de Erasmus+, asocia\u021bia francez\u0103 Par Le Monde lanseaz\u0103 proiectul ENIEDE, Intercultural Digital Exchanges for Sustainable Environmental Education (Schimburi digitale interculturale pentru o educa\u021bie ecologic\u0103 durabil\u0103), \u00een conformitate cu una dintre priorit\u0103\u021bile Uniunii Europene stabilite \u00een Pactul verde. <\/p>\n<p dir=\"ltr\">Timp de 18 luni, Par Le Monde va colabora cu \u0219ase \u0219coli europene (1 \u00een Rom\u00e2nia, 1 \u00een Belgia, 1 \u00een Grecia \u0219i 3 \u00een Fran\u021ba) \u0219i cu Wemanity, lider european \u00een domeniul transform\u0103rilor agile \u0219i digitale, cu care vom colabora pentru a ne atinge obiectivele educa\u021bionale \u00een domeniul mediului.<\/p>\n\t\t\t\t\t\t\t\t<\/div>\n\t\t\t\t<\/div>\n\t\t\t\t<div class=\"elementor-element elementor-element-4803ed3 elementor-widget elementor-widget-heading\" data-id=\"4803ed3\" data-element_type=\"widget\" data-e-type=\"widget\" data-widget_type=\"heading.default\">\n\t\t\t\t<div class=\"elementor-widget-container\">\n\t\t\t\t\t<h2 class=\"elementor-heading-title elementor-size-default\">Obiectivele proiectului<\/h2>\t\t\t\t<\/div>\n\t\t\t\t<\/div>\n\t\t<div class=\"elementor-element elementor-element-c9eeec7 e-flex e-con-boxed e-con e-child\" data-id=\"c9eeec7\" data-element_type=\"container\" data-e-type=\"container\">\n\t\t\t\t\t<div class=\"e-con-inner\">\n\t\t\t\t<div class=\"elementor-element elementor-element-baeb0c2 elementor-widget elementor-widget-text-editor\" data-id=\"baeb0c2\" data-element_type=\"widget\" data-e-type=\"widget\" data-widget_type=\"text-editor.default\">\n\t\t\t\t<div class=\"elementor-widget-container\">\n\t\t\t\t\t\t\t\t\t<ul style=\"margin-top: 0; margin-bottom: 0; padding-inline-start: 48px;\">\n<li dir=\"ltr\" style=\"list-style-type: disc; font-size: 11pt; font-family: Montserrat,sans-serif; color: #000000; background-color: transparent; font-weight: 400; font-style: normal; font-variant: normal; text-decoration: none; vertical-align: baseline; white-space: pre;\" aria-level=\"1\"><p dir=\"ltr\" style=\"line-height: 1.38; text-align: justify; margin-top: 0pt; margin-bottom: 0pt;\" role=\"presentation\"><span style=\"font-size: 11pt; font-family: Montserrat,sans-serif; color: #000000; background-color: transparent; font-weight: bold; font-style: normal; font-variant: normal; text-decoration: none; vertical-align: baseline; white-space: pre-wrap;\">Obiectivul 1:<\/span><span style=\"font-size: 11pt; font-family: Montserrat,sans-serif; color: #000000; background-color: transparent; font-weight: 400; font-style: normal; font-variant: normal; text-decoration: none; vertical-align: baseline; white-space: pre-wrap;\"> Formarea cadrelor didactice \u00een vederea integr\u0103rii problemelor de mediu \u00een coresponden\u021ba intercultural\u0103 \u0219i digital\u0103.<\/span><\/p>\n<\/li>\n<li dir=\"ltr\" style=\"list-style-type: disc; font-size: 11pt; font-family: Montserrat,sans-serif; color: #000000; background-color: transparent; font-weight: 400; font-style: normal; font-variant: normal; text-decoration: none; vertical-align: baseline; white-space: pre;\" aria-level=\"1\"><p dir=\"ltr\" style=\"line-height: 1.38; text-align: justify; margin-top: 0pt; margin-bottom: 0pt;\" role=\"presentation\"><span style=\"font-size: 11pt; font-family: Montserrat,sans-serif; color: #000000; background-color: transparent; font-weight: bold; font-style: normal; font-variant: normal; text-decoration: none; vertical-align: baseline; white-space: pre-wrap;\">Obiectivul 2: <\/span><span style=\"font-size: 11pt; font-family: Montserrat,sans-serif; color: #000000; background-color: transparent; font-weight: 400; font-style: normal; font-variant: normal; text-decoration: none; vertical-align: baseline; white-space: pre-wrap;\">facilitarea cre\u0103rii de lucr\u0103ri audiovizuale de c\u0103tre profesori cu ajutorul unui instrument digital inovator adaptat nevoilor lor.<\/span><\/p>\n<\/li>\n<li dir=\"ltr\" style=\"list-style-type: disc; font-size: 11pt; font-family: Montserrat,sans-serif; color: #000000; background-color: transparent; font-weight: 400; font-style: normal; font-variant: normal; text-decoration: none; vertical-align: baseline; white-space: pre;\" aria-level=\"1\"><p dir=\"ltr\" style=\"line-height: 1.38; text-align: justify; margin-top: 0pt; margin-bottom: 0pt;\" role=\"presentation\"><span style=\"font-size: 11pt; font-family: Montserrat,sans-serif; color: #000000; background-color: transparent; font-weight: bold; font-style: normal; font-variant: normal; text-decoration: none; vertical-align: baseline; white-space: pre-wrap;\">Obiectivul 3: <\/span><span style=\"font-size: 11pt; font-family: Montserrat,sans-serif; color: #000000; background-color: transparent; font-weight: 400; font-style: normal; font-variant: normal; text-decoration: none; vertical-align: baseline; white-space: pre-wrap;\">S\u0103 furnizeze comunit\u0103\u021bii educa\u021bionale europene resurse didactice axate pe diferite probleme de mediu.<\/span><\/p>\n<\/li>\n<li dir=\"ltr\" style=\"list-style-type: disc; font-size: 11pt; font-family: Montserrat,sans-serif; color: #000000; background-color: transparent; font-weight: 400; font-style: normal; font-variant: normal; text-decoration: none; vertical-align: baseline; white-space: pre;\" aria-level=\"1\"><p dir=\"ltr\" style=\"line-height: 1.38; text-align: justify; margin-top: 0pt; margin-bottom: 0pt;\" role=\"presentation\"><span style=\"font-size: 11pt; font-family: Montserrat,sans-serif; color: #000000; background-color: transparent; font-weight: bold; font-style: normal; font-variant: normal; text-decoration: none; vertical-align: baseline; white-space: pre-wrap;\">Obiectivul 4: <\/span><span style=\"font-size: 11pt; font-family: Montserrat,sans-serif; color: #000000; background-color: transparent; font-weight: 400; font-style: normal; font-variant: normal; text-decoration: none; vertical-align: baseline; white-space: pre-wrap;\">s\u0103 fac\u0103 publice instrumentele \u0219i resursele dezvoltate \u00een cadrul proiectului<\/span><\/p><\/li><\/ul><p><br><\/p>\t\t\t\t\t\t\t\t<\/div>\n\t\t\t\t<\/div>\n\t\t<div class=\"elementor-element elementor-element-ddc5cfd e-flex e-con-boxed e-con e-child\" data-id=\"ddc5cfd\" data-element_type=\"container\" data-e-type=\"container\">\n\t\t\t\t\t<div class=\"e-con-inner\">\n\t\t\t\t<div class=\"elementor-element elementor-element-f0fa5bc elementor-widget elementor-widget-heading\" data-id=\"f0fa5bc\" data-element_type=\"widget\" data-e-type=\"widget\" data-widget_type=\"heading.default\">\n\t\t\t\t<div class=\"elementor-widget-container\">\n\t\t\t\t\t<h2 class=\"elementor-heading-title elementor-size-default\">Prioritatea proiectului  <\/h2>\t\t\t\t<\/div>\n\t\t\t\t<\/div>\n\t\t\t\t<div class=\"elementor-element elementor-element-b609bc0 elementor-widget elementor-widget-text-editor\" data-id=\"b609bc0\" data-element_type=\"widget\" data-e-type=\"widget\" data-widget_type=\"text-editor.default\">\n\t\t\t\t<div class=\"elementor-widget-container\">\n\t\t\t\t\t\t\t\t\t<ul style=\"margin-top: 0; margin-bottom: 0; padding-inline-start: 48px;\">\n<li dir=\"ltr\" style=\"list-style-type: disc; font-size: 11pt; font-family: Montserrat,sans-serif; color: #000000; background-color: transparent; font-weight: bold; font-style: normal; font-variant: normal; text-decoration: none; vertical-align: baseline; white-space: pre;\" aria-level=\"1\">\n<p dir=\"ltr\" style=\"line-height: 1.38; text-align: justify; margin-top: 0pt; margin-bottom: 0pt;\" role=\"presentation\"><span style=\"font-size: 11pt; font-family: Montserrat,sans-serif; color: #000000; background-color: transparent; font-weight: bold; font-style: normal; font-variant: normal; text-decoration: none; vertical-align: baseline; white-space: pre-wrap;\">Educa\u021bia de mediu \u0219i lupta \u00eempotriva schimb\u0103rilor climatice<\/span><\/p>\n<\/li>\n<\/ul>\n<p><span style=\"background-color: transparent; font-family: Montserrat, sans-serif; font-size: 11pt; white-space-collapse: preserve; text-align: justify;\">UE este puternic angajat\u0103 \u00een lupta \u00eempotriva schimb\u0103rilor climatice, \u00een special prin intermediul Pactului verde \u0219i al legii care vizeaz\u0103 garantarea neutralit\u0103\u021bii climatice \u00een Uniune p\u00e2n\u0103 \u00een 2050. \u00cen timp ce EDD (educa\u021bia pentru dezvoltare durabil\u0103) tinde s\u0103 devin\u0103 o prioritate \u00een Europa, a\u0219a cum se \u00eent\u00e2mpl\u0103 \u00een Fran\u021ba cu Legea privind clima \u0219i rezilien\u021ba, nu toate \u021b\u0103rile se afl\u0103 la acela\u0219i nivel de aplicare a EDD. Caracterul urgent al actualei crize climatice eviden\u021biaz\u0103 importan\u021ba crucial\u0103 a \u0219colilor \u0219i a educa\u021biei de mediu \u00een abordarea acesteia. \u00cenc\u0103 din \u0219coala primar\u0103, momentul crucial \u00een care se formeaz\u0103 primele imagini ale lumii, ace\u0219ti viitori cet\u0103\u021beni sunt preg\u0103ti\u021bi s\u0103 dezvolte atitudini responsabile \u0219i s\u0103 se angajeze \u00een lupta colectiv\u0103 \u00eempotriva schimb\u0103rilor climatice. Aceast\u0103 activitate transna\u021bional\u0103 le permite profesorilor \u0219i elevilor lor s\u0103 con\u0219tientizeze natura global\u0103 a problemelor \u0219i implica\u021biile lor locale.<\/span><\/p>\n<ul style=\"margin-top: 0; margin-bottom: 0; padding-inline-start: 48px;\">\n<li dir=\"ltr\" style=\"list-style-type: disc; font-size: 11pt; font-family: Montserrat,sans-serif; color: #000000; background-color: transparent; font-weight: bold; font-style: normal; font-variant: normal; text-decoration: none; vertical-align: baseline; white-space: pre;\" aria-level=\"1\">\n<p dir=\"ltr\" style=\"line-height: 1.38; text-align: justify; margin-top: 0pt; margin-bottom: 0pt;\" role=\"presentation\"><span style=\"font-size: 11pt; font-family: Montserrat,sans-serif; color: #000000; background-color: transparent; font-weight: bold; font-style: normal; font-variant: normal; text-decoration: none; vertical-align: baseline; white-space: pre-wrap;\">Educa\u021bia intercultural\u0103 \u0219i promovarea cet\u0103\u021beniei europene<\/span><\/p>\n<\/li>\n<\/ul>\n<p><span style=\"background-color: transparent; font-family: Montserrat, sans-serif; font-size: 11pt; white-space-collapse: preserve; text-align: justify;\">Diviziunile identitare, culturale \u0219i teritoriale din Europa sunt exacerbate de izolarea geografic\u0103 \u0219i\/sau social\u0103. Cre\u0219terea \u00een izolare, f\u0103r\u0103 a experimenta diversitatea, d\u0103 adesea na\u0219tere tenta\u021biilor de discriminare, rasism \u0219i sentimentul de neputin\u021b\u0103 \u00een fa\u021ba provoc\u0103rilor comune cu care ne confrunt\u0103m, cum ar fi problemele de mediu. \u00cen acest fel, ENIEDE promoveaz\u0103 convie\u021buirea, deschiderea fa\u021b\u0103 de ceilal\u021bi \u0219i, prin crearea unor obiective comune, \u00eencurajeaz\u0103 sentimentul de apartenen\u021b\u0103 la comunitatea european\u0103. Elevii \u00ee\u0219i vor putea dezvolta competen\u021bele academice \u0219i sociale \u00een jurul urm\u0103toarelor valori morale \u0219i civice ale UE: libertate, demnitate uman\u0103, democra\u021bie \u0219i egalitate.<\/span><\/p>\n<ul style=\"margin-top: 0; margin-bottom: 0; padding-inline-start: 48px;\">\n<li dir=\"ltr\" style=\"list-style-type: disc; font-size: 11pt; font-family: Montserrat,sans-serif; color: #000000; background-color: transparent; font-weight: bold; font-style: normal; font-variant: normal; text-decoration: none; vertical-align: baseline; white-space: pre;\" aria-level=\"1\">\n<p dir=\"ltr\" style=\"line-height: 1.38; text-align: justify; margin-top: 0pt; margin-bottom: 0pt;\" role=\"presentation\"><span style=\"font-size: 11pt; font-family: Montserrat,sans-serif; color: #000000; background-color: transparent; font-weight: bold; font-style: normal; font-variant: normal; text-decoration: none; vertical-align: baseline; white-space: pre-wrap;\">Alfabetizarea digital\u0103 \u0219i lupta \u00eempotriva izol\u0103rii de \u0219coal\u0103, societate \u0219i geografie<\/span><\/p>\n<\/li>\n<\/ul>\n<p dir=\"ltr\" style=\"line-height: 1.38; text-align: justify; margin-top: 0pt; margin-bottom: 0pt;\"><span style=\"font-size: 11pt; font-family: Montserrat,sans-serif; color: #000000; background-color: transparent; font-weight: 400; font-style: normal; font-variant: normal; text-decoration: none; vertical-align: baseline; white-space: pre-wrap;\"> <\/span><\/p>\n<p dir=\"ltr\" style=\"line-height: 1.38; text-align: justify; margin-top: 0pt; margin-bottom: 0pt;\"><span style=\"font-size: 11pt; font-family: Montserrat,sans-serif; color: #000000; background-color: transparent; font-weight: 400; font-style: normal; font-variant: normal; text-decoration: none; vertical-align: baseline; white-space: pre-wrap;\">Tehnologia digital\u0103 este \u00een prezent un instrument puternic &#8211; \u0219i utilizat pe scar\u0103 larg\u0103 \u00een Europa &#8211; pentru a combate izolarea la \u0219coal\u0103, \u00een societate \u0219i de la un loc la altul. ENIEDE va utiliza acest instrument pentru a avea un impact semnificativ, limit\u00e2nd \u00een acela\u0219i timp c\u00e2t mai mult posibil amprenta de carbon. \u00cen timp ce to\u021bi partenerii ENIEDE au acces la tehnologia digital\u0103, este important ca Par Le Monde, coordonatorul proiectului, s\u0103 ofere cursuri de formare \u00een ceea ce prive\u0219te utilizarea pozitiv\u0103, incluziv\u0103 \u0219i critic\u0103 a tehnologiei digitale, astfel \u00eenc\u00e2t elevii s\u0103 \u00eenve\u021be s\u0103 o foloseasc\u0103 \u00een modul cel mai benefic. Prin co-crearea metodelor de predare, profesorii vor ac\u021biona asupra mai multor aspecte ale programelor educa\u021bionale respective: deschiderea c\u0103tre Europa \u0219i c\u0103tre ceilal\u021bi, consolidarea cuno\u0219tin\u021belor fundamentale (citire, scriere, geografie etc.) prin metode distractive \u0219i participative, care s\u0103 nu le dea elevilor sentimentul c\u0103 \u00eenva\u021b\u0103 \u00een mod tradi\u021bional, contribuind astfel la prevenirea abandonului \u0219colar, \u0219i, \u00een sf\u00e2r\u0219it, s\u0103 le ofere elevilor sentimentul de a avea un impact real asupra mediului.<\/span><\/p>\n<p><span style=\"background-color: transparent; font-family: Montserrat, sans-serif; font-size: 11pt; white-space-collapse: preserve; text-align: justify;\"> <\/span><\/p>\n\t\t\t\t\t\t\t\t<\/div>\n\t\t\t\t<\/div>\n\t\t<div class=\"elementor-element elementor-element-cca5e42 e-flex e-con-boxed e-con e-child\" data-id=\"cca5e42\" data-element_type=\"container\" data-e-type=\"container\">\n\t\t\t\t\t<div class=\"e-con-inner\">\n\t\t\t\t\t<\/div>\n\t\t\t\t<\/div>\n\t\t\t\t\t<\/div>\n\t\t\t\t<\/div>\n\t\t\t\t\t<\/div>\n\t\t\t\t<\/div>\n\t\t\t\t<\/div>\n\t\t\t\t<\/div>\n\t\t","protected":false},"excerpt":{"rendered":"<p>Ce este ENIEDE? \u00cen cadrul unui proiect de cooperare sprijinit de Erasmus+, asocia\u021bia francez\u0103 Par Le Monde lanseaz\u0103 proiectul ENIEDE, Intercultural Digital Exchanges for Sustainable Environmental Education (Schimburi digitale interculturale pentru o educa\u021bie ecologic\u0103 durabil\u0103), \u00een conformitate cu una dintre priorit\u0103\u021bile Uniunii Europene stabilite \u00een Pactul verde. Timp de 18 luni, Par Le Monde va [&hellip;]<\/p>\n","protected":false},"author":1,"featured_media":0,"parent":0,"menu_order":0,"comment_status":"closed","ping_status":"closed","template":"","meta":{"footnotes":""},"class_list":["post-164","page","type-page","status-publish","hentry","entry"],"_links":{"self":[{"href":"https:\/\/eniede.eu\/ro\/wp-json\/wp\/v2\/pages\/164","targetHints":{"allow":["GET"]}}],"collection":[{"href":"https:\/\/eniede.eu\/ro\/wp-json\/wp\/v2\/pages"}],"about":[{"href":"https:\/\/eniede.eu\/ro\/wp-json\/wp\/v2\/types\/page"}],"author":[{"embeddable":true,"href":"https:\/\/eniede.eu\/ro\/wp-json\/wp\/v2\/users\/1"}],"replies":[{"embeddable":true,"href":"https:\/\/eniede.eu\/ro\/wp-json\/wp\/v2\/comments?post=164"}],"version-history":[{"count":13,"href":"https:\/\/eniede.eu\/ro\/wp-json\/wp\/v2\/pages\/164\/revisions"}],"predecessor-version":[{"id":2302,"href":"https:\/\/eniede.eu\/ro\/wp-json\/wp\/v2\/pages\/164\/revisions\/2302"}],"wp:attachment":[{"href":"https:\/\/eniede.eu\/ro\/wp-json\/wp\/v2\/media?parent=164"}],"curies":[{"name":"wp","href":"https:\/\/api.w.org\/{rel}","templated":true}]}}