{"id":1762,"date":"2024-01-05T14:07:33","date_gmt":"2024-01-05T14:07:33","guid":{"rendered":"https:\/\/eniede.eu\/ce-inseamna-clap\/"},"modified":"2024-01-05T15:49:46","modified_gmt":"2024-01-05T15:49:46","slug":"ce-inseamna-clap","status":"publish","type":"page","link":"https:\/\/eniede.eu\/ro\/ce-inseamna-clap\/","title":{"rendered":"Ce \u00eenseamn\u0103 &#8222;CLAP!"},"content":{"rendered":"\t\t<div data-elementor-type=\"wp-page\" data-elementor-id=\"1762\" class=\"elementor elementor-1762 elementor-1744\">\n\t\t\t\t<div class=\"elementor-element elementor-element-fa7b6d7 e-flex e-con-boxed e-con e-parent\" data-id=\"fa7b6d7\" data-element_type=\"container\" data-e-type=\"container\">\n\t\t\t\t\t<div class=\"e-con-inner\">\n\t\t\t\t<div class=\"elementor-element elementor-element-faf9f23 elementor-widget elementor-widget-text-editor\" data-id=\"faf9f23\" data-element_type=\"widget\" data-e-type=\"widget\" data-widget_type=\"text-editor.default\">\n\t\t\t\t<div class=\"elementor-widget-container\">\n\t\t\t\t\t\t\t\t\t<p>&#8222;Clap!&#8221; este un instrument de scriere audiovizual\u0103 care le permite copiilor din \u0219colile primare s\u0103 realizeze filme tematice despre via\u021ba de zi cu zi \u0219i despre cultura lor.&nbsp;<span style=\"color: var( --e-global-color-text ); font-family: var( --e-global-typography-text-font-family ), Sans-serif; font-weight: var( --e-global-typography-text-font-weight ); text-align: var(--text-align);\">O platform\u0103 off-line, care poate fi utilizat\u0103 pe un smartphone sau pe o tablet\u0103, oferind claselor un nou instrument distractiv \u0219i educativ<\/span>.<span style=\"color: var( --e-global-color-text ); font-family: var( --e-global-typography-text-font-family ), Sans-serif; font-weight: var( --e-global-typography-text-font-weight ); text-align: var(--text-align);\">&nbsp;<\/span><\/p>\n\t\t\t\t\t\t\t\t<\/div>\n\t\t\t\t<\/div>\n\t\t\t\t\t<\/div>\n\t\t\t\t<\/div>\n\t\t<div class=\"elementor-element elementor-element-a66499f e-flex e-con-boxed e-con e-parent\" data-id=\"a66499f\" data-element_type=\"container\" data-e-type=\"container\">\n\t\t\t\t\t<div class=\"e-con-inner\">\n\t\t<div class=\"elementor-element elementor-element-37277d9 e-con-full e-flex e-con e-child\" data-id=\"37277d9\" data-element_type=\"container\" data-e-type=\"container\">\n\t\t\t\t<\/div>\n\t\t<div class=\"elementor-element elementor-element-f5b4e0c e-con-full e-flex e-con e-child\" data-id=\"f5b4e0c\" data-element_type=\"container\" data-e-type=\"container\">\n\t\t\t\t<div class=\"elementor-element elementor-element-f9b0d5d elementor-widget elementor-widget-text-editor\" data-id=\"f9b0d5d\" data-element_type=\"widget\" data-e-type=\"widget\" data-widget_type=\"text-editor.default\">\n\t\t\t\t<div class=\"elementor-widget-container\">\n\t\t\t\t\t\t\t\t\t<p>\u00cen practic\u0103, studen\u021bii produc videoclipuri tematice, precompuse \u00een blocuri narative, direct de pe platform\u0103, care \u00eei ghideaz\u0103 \u00een procesul de crea\u021bie, elimin\u00e2nd constr\u00e2ngerile tehnice asociate cu editarea \u0219i scrierea de scenarii. Acestea vor fi \u00eenregistrate pe smartphone\/tablet\u0103 \u0219i pot fi folosite pentru lucrul \u00een grup sub supravegherea profesorului.  <\/p>\n<p>Rapoartele video realizate vor aborda teme centrate pe cultur\u0103, a\u0219a cum sunt ele \u00eensele tr\u0103ite de copii: gastronomie, dansuri, tradi\u021bii, arhitectur\u0103, arte vizuale etc. Ini\u021bial, vor fi propuse 5 teme culturale (&#8222;\u0218coala noastr\u0103&#8221;, &#8222;Jocurile noastre&#8221;, &#8222;M\u00e2ncarea noastr\u0103&#8221;, &#8222;Natura noastr\u0103&#8221;, &#8222;C\u00e2ntecele noastre&#8221;), clasele fiind libere s\u0103 \u00ee\u0219i creeze propria tem\u0103. Aceast\u0103 cultur\u0103 la nivel de copil este un mediu de schimb care motiveaz\u0103 \u0219i une\u0219te elevii din aceea\u0219i clas\u0103 \u00een jurul unui proiect comun.<\/p>\n\t\t\t\t\t\t\t\t<\/div>\n\t\t\t\t<\/div>\n\t\t\t\t<\/div>\n\t\t\t\t\t<\/div>\n\t\t\t\t<\/div>\n\t\t<div class=\"elementor-element elementor-element-983f5b8 e-flex e-con-boxed e-con e-parent\" data-id=\"983f5b8\" data-element_type=\"container\" data-e-type=\"container\">\n\t\t\t\t\t<div class=\"e-con-inner\">\n\t\t\t\t<div class=\"elementor-element elementor-element-71c3e94 elementor-widget elementor-widget-text-editor\" data-id=\"71c3e94\" data-element_type=\"widget\" data-e-type=\"widget\" data-widget_type=\"text-editor.default\">\n\t\t\t\t<div class=\"elementor-widget-container\">\n\t\t\t\t\t\t\t\t\t<\/p>\n<p>Temele culturale ofer\u0103 o oportunitate de a face un pas \u00eenapoi \u0219i de a analiza problemele cu care se confrunt\u0103 societatea \u0219i identitatea, precum \u0219i de a dezvolta abilit\u0103\u021bi fundamentale, \u00een primul r\u00e2nd scrisul. Prin realizarea de reportaje video, elevii \u00ee\u0219i pot reapropia aceste aspecte, pun\u00e2ndu-\u0219i \u00eentreb\u0103ri \u0219i dezvolt\u00e2ndu-\u0219i propria g\u00e2ndire.  <\/p>\n\t\t\t\t\t\t\t\t<\/div>\n\t\t\t\t<\/div>\n\t\t\t\t\t<\/div>\n\t\t\t\t<\/div>\n\t\t<div class=\"elementor-element elementor-element-e967346 e-flex e-con-boxed e-con e-parent\" data-id=\"e967346\" data-element_type=\"container\" data-e-type=\"container\">\n\t\t\t\t\t<div class=\"e-con-inner\">\n\t\t\t\t<div class=\"elementor-element elementor-element-cbff1ac elementor-widget elementor-widget-heading\" data-id=\"cbff1ac\" data-element_type=\"widget\" data-e-type=\"widget\" data-widget_type=\"heading.default\">\n\t\t\t\t<div class=\"elementor-widget-container\">\n\t\t\t\t\t<h2 class=\"elementor-heading-title elementor-size-default\">Competen\u021bele dob\u00e2ndite prin CLAP!  <\/h2>\t\t\t\t<\/div>\n\t\t\t\t<\/div>\n\t\t\t\t<div class=\"elementor-element elementor-element-7f8711d elementor-widget elementor-widget-text-editor\" data-id=\"7f8711d\" data-element_type=\"widget\" data-e-type=\"widget\" data-widget_type=\"text-editor.default\">\n\t\t\t\t<div class=\"elementor-widget-container\">\n\t\t\t\t\t\t\t\t\t<p>&#8222;Clap!&#8221; se folose\u0219te de interesul tinerei genera\u021bii pentru crearea de videoclipuri pentru a le aduce \u00eempreun\u0103 \u00een jurul unui proiect comun al clasei. Platforma este un instrument educa\u021bional care \u00eencurajeaz\u0103 dob\u00e2ndirea de competen\u021be:  <\/p>\n<ul>\n<li><strong>\u0218colari:<\/strong> reportajele video realizate \u00een clas\u0103 sunt transdisciplinare, d\u00e2nd sens elementelor fundamentale \u0219i facilit\u00e2nd \u00eenv\u0103\u021barea;  <\/li>\n<li><strong>Social:<\/strong> elevii \u00ee\u0219i dezvolt\u0103 capacitatea de a lucra \u00een echip\u0103, abilit\u0103\u021bile de comunicare, fluen\u021ba oral\u0103, abilit\u0103\u021bile de scriere (\u00een special audiovizual\u0103) \u0219i \u00eencrederea \u00een sine;  <\/li>\n<li><strong>Digital:<\/strong> elevii creeaz\u0103 con\u021binut digital semnificativ \u0219i devin con\u0219tien\u021bi de identitatea \u0219i responsabilit\u0103\u021bile lor digitale.  <\/li>\n<\/ul>\n\t\t\t\t\t\t\t\t<\/div>\n\t\t\t\t<\/div>\n\t\t\t\t\t<\/div>\n\t\t\t\t<\/div>\n\t\t\t\t<\/div>\n\t\t","protected":false},"excerpt":{"rendered":"<p>&#8222;Clap!&#8221; este un instrument de scriere audiovizual\u0103 care le permite copiilor din \u0219colile primare s\u0103 realizeze filme tematice despre via\u021ba de zi cu zi \u0219i despre cultura lor.&nbsp;O platform\u0103 off-line, care poate fi utilizat\u0103 pe un smartphone sau pe o tablet\u0103, oferind claselor un nou instrument distractiv \u0219i educativ.&nbsp; \u00cen practic\u0103, studen\u021bii produc videoclipuri tematice, [&hellip;]<\/p>\n","protected":false},"author":1,"featured_media":0,"parent":0,"menu_order":0,"comment_status":"closed","ping_status":"closed","template":"","meta":{"footnotes":""},"class_list":["post-1762","page","type-page","status-publish","hentry","entry"],"_links":{"self":[{"href":"https:\/\/eniede.eu\/ro\/wp-json\/wp\/v2\/pages\/1762","targetHints":{"allow":["GET"]}}],"collection":[{"href":"https:\/\/eniede.eu\/ro\/wp-json\/wp\/v2\/pages"}],"about":[{"href":"https:\/\/eniede.eu\/ro\/wp-json\/wp\/v2\/types\/page"}],"author":[{"embeddable":true,"href":"https:\/\/eniede.eu\/ro\/wp-json\/wp\/v2\/users\/1"}],"replies":[{"embeddable":true,"href":"https:\/\/eniede.eu\/ro\/wp-json\/wp\/v2\/comments?post=1762"}],"version-history":[{"count":2,"href":"https:\/\/eniede.eu\/ro\/wp-json\/wp\/v2\/pages\/1762\/revisions"}],"predecessor-version":[{"id":1764,"href":"https:\/\/eniede.eu\/ro\/wp-json\/wp\/v2\/pages\/1762\/revisions\/1764"}],"wp:attachment":[{"href":"https:\/\/eniede.eu\/ro\/wp-json\/wp\/v2\/media?parent=1762"}],"curies":[{"name":"wp","href":"https:\/\/api.w.org\/{rel}","templated":true}]}}