{"id":2290,"date":"2024-07-09T13:31:16","date_gmt":"2024-07-09T13:31:16","guid":{"rendered":"https:\/\/eniede.eu\/eniede-la-scoala-saint-roch-din-avignon-franta\/"},"modified":"2024-07-09T13:32:20","modified_gmt":"2024-07-09T13:32:20","slug":"eniede-la-scoala-saint-roch-din-avignon-franta","status":"publish","type":"page","link":"https:\/\/eniede.eu\/ro\/eniede-la-scoala-saint-roch-din-avignon-franta\/","title":{"rendered":"ENIEDE la \u0219coala Saint Roch din Avignon (Fran\u021ba)"},"content":{"rendered":"\t\t<div data-elementor-type=\"wp-page\" data-elementor-id=\"2290\" class=\"elementor elementor-2290 elementor-2267\">\n\t\t\t\t<div class=\"elementor-element elementor-element-4e77b45 e-flex e-con-boxed e-con e-parent\" data-id=\"4e77b45\" data-element_type=\"container\" data-e-type=\"container\">\n\t\t\t\t\t<div class=\"e-con-inner\">\n\t\t\t\t<div class=\"elementor-element elementor-element-a624a07 elementor-widget elementor-widget-text-editor\" data-id=\"a624a07\" data-element_type=\"widget\" data-e-type=\"widget\" data-widget_type=\"text-editor.default\">\n\t\t\t\t<div class=\"elementor-widget-container\">\n\t\t\t\t\t\t\t\t\t<p>Aceast\u0103 mutare reprezint\u0103 a doua etap\u0103 a proiectului, prima av\u00e2nd loc la Ch\u00e2lons-en-Champagne \u00een noiembrie 2023. Acesta a reunit echipele din Belgia (Dominique) \u0219i Avignon (Marie \u0219i Linda).  <\/p>\n<p>Obiectivele acestui program de mobilitate au fost urm\u0103toarele:<\/p>\n<ul>\n<li>Observa\u021bi practicile didactice ale profesorilor \u00een clasele lor.<\/li>\n<li>\u00cenfiin\u021barea unui program educa\u021bional (din faza 1).<\/li>\n<li>Schimbul de bune practici.<\/li>\n<li>\u00cencurajarea cooper\u0103rii interna\u021bionale \u00eentre profesori ca parte a unui proiect educa\u021bional inovator.<\/li>\n<\/ul>\n\t\t\t\t\t\t\t\t<\/div>\n\t\t\t\t<\/div>\n\t\t\t\t\t<\/div>\n\t\t\t\t<\/div>\n\t\t<div class=\"elementor-element elementor-element-c8c9b6b e-flex e-con-boxed e-con e-parent\" data-id=\"c8c9b6b\" data-element_type=\"container\" data-e-type=\"container\">\n\t\t\t\t\t<div class=\"e-con-inner\">\n\t\t\t\t<div class=\"elementor-element elementor-element-1514904 elementor-widget elementor-widget-spacer\" data-id=\"1514904\" data-element_type=\"widget\" data-e-type=\"widget\" data-widget_type=\"spacer.default\">\n\t\t\t\t<div class=\"elementor-widget-container\">\n\t\t\t\t\t\t\t<div class=\"elementor-spacer\">\n\t\t\t<div class=\"elementor-spacer-inner\"><\/div>\n\t\t<\/div>\n\t\t\t\t\t\t<\/div>\n\t\t\t\t<\/div>\n\t\t\t\t\t<\/div>\n\t\t\t\t<\/div>\n\t\t<div class=\"elementor-element elementor-element-c4a91a2 e-flex e-con-boxed e-con e-parent\" data-id=\"c4a91a2\" data-element_type=\"container\" data-e-type=\"container\">\n\t\t\t\t\t<div class=\"e-con-inner\">\n\t\t<div class=\"elementor-element elementor-element-3dea67c e-con-full e-flex e-con e-child\" data-id=\"3dea67c\" data-element_type=\"container\" data-e-type=\"container\">\n\t\t\t\t<div class=\"elementor-element elementor-element-c367ec2 elementor-widget elementor-widget-heading\" data-id=\"c367ec2\" data-element_type=\"widget\" data-e-type=\"widget\" data-widget_type=\"heading.default\">\n\t\t\t\t<div class=\"elementor-widget-container\">\n\t\t\t\t\t<h2 class=\"elementor-heading-title elementor-size-default\">Program \u0219i orar\n<\/h2>\t\t\t\t<\/div>\n\t\t\t\t<\/div>\n\t\t\t\t<div class=\"elementor-element elementor-element-9248af2 elementor-widget elementor-widget-text-editor\" data-id=\"9248af2\" data-element_type=\"widget\" data-e-type=\"widget\" data-widget_type=\"text-editor.default\">\n\t\t\t\t<div class=\"elementor-widget-container\">\n\t\t\t\t\t\t\t\t\t<p><strong style=\"color: var( --e-global-color-text ); font-family: var( --e-global-typography-text-font-family ), Sans-serif; text-align: var(--text-align); font-size: 14px;\">Luni diminea\u021ba (8.30am &#8211; 11.30am): Observare<\/strong><span style=\"color: var( --e-global-color-text ); font-family: var( --e-global-typography-text-font-family ), Sans-serif; font-weight: var( --e-global-typography-text-font-weight ); text-align: var(--text-align); font-size: 14px;\">  \u00cen aceast\u0103 diminea\u021b\u0103, am observat dou\u0103 sesiuni de lec\u021bii: una de lectur\u0103 \u0219i una de matematic\u0103. Aceast\u0103 observa\u021bie a oferit ocazia de a se \u00eent\u00e2lni \u0219i de a discuta cu elevii.<\/span><\/p>\n<p><strong>Luni dup\u0103-amiaz\u0103 (13.30 &#8211; 16.30): Cercetare<\/strong> A fost creat un atelier comun, care reune\u0219te cele dou\u0103 clase. Elevii, \u00eemp\u0103r\u021bi\u021bi \u00een grupuri de 4 p\u00e2n\u0103 la 6 persoane, au trebuit s\u0103 cerceteze principalele caracteristici ale ora\u0219ului Avignon \u0219i ale zonei \u00eenconjur\u0103toare pentru a realiza o gazet\u0103 pentru elevii de la Dominique din Belgia. Fiecare grup a r\u0103spuns la \u00eentreb\u0103ri specifice pe teme precum Pont du Gard sau tapenade, folosind o varietate de resurse (c\u0103r\u021bi, h\u0103r\u021bi, enciclopedii, internet etc.). La sf\u00e2r\u0219itul zilei, fiecare grup a prezentat un rezumat al constat\u0103rilor sale.<\/p>\n<p><strong>Luni seara (17:00 &#8211; 18:00): Reuniunea ENIEDE<\/strong> O reuniune prin videoconferin\u021b\u0103 a reunit to\u021bi partenerii pentru a discuta progresul proiectului, calendarul \u0219i obliga\u021biile administrative \u0219i de comunicare. De asemenea, a fost prezentat\u0103 o actualizare privind comunicarea cu Agen\u021bia.<\/p>\n<p><strong>Mar\u021bi diminea\u021ba (8.30am &#8211; 11.30am): Observare<\/strong> Aceast\u0103 diminea\u021b\u0103 a fost din nou dedicat\u0103 observ\u0103rii sesiunilor de lectur\u0103 \u0219i matematic\u0103, cu discu\u021bii \u00eentre elevi \u0219i Dominique despre \u0219coala ei \u0219i elevii ei din Belgia.<\/p>\n<p><strong>Mar\u021bi dup\u0103-amiaz\u0103 (13.30 &#8211; 16.30): Scriere \u0219i finalizare<\/strong> Elevii \u0219i-au petrecut dup\u0103-amiaza scriindu-\u0219i r\u0103spunsurile pe tablete digitale, imprim\u00e2ndu-le \u0219i lipindu-le pe foi A3. Ei au ales imagini care s\u0103 \u00eenso\u021beasc\u0103 textele lor, desenate, transferate sau g\u0103site pe internet. Gazeta final\u0103 a fost prezentat\u0103 de un student la sf\u00e2r\u0219itul zilei.<\/p>\n<p><strong>Mar\u021bi seara (16:30 &#8211; 18:00): Debriefing \u0219i evaluare<\/strong> O sesiune de debriefing \u0219i evaluare a avut loc sub forma unei discu\u021bii semi-structurate, acoperind urm\u0103toarele subiecte:<\/p>\n<ul>\n<li>Relevan\u021ba proiectului pentru educa\u021bia \u0219colar\u0103.<\/li>\n<li>Mobilitate \u0219i cooperare \u00een cadrul proiectului.<\/li>\n<li>Volumul de munc\u0103 necesar.<\/li>\n<li>Promovarea particip\u0103rii la proiectul ENIEDE.<\/li>\n<li>Relevan\u021ba &#8222;Par Le Monde&#8221; \u0219i posibilit\u0103\u021bile de extindere a proiectului la al\u021bi actori din sectorul educa\u021biei \u0219colare.<\/li>\n<\/ul>\n\t\t\t\t\t\t\t\t<\/div>\n\t\t\t\t<\/div>\n\t\t\t\t<\/div>\n\t\t<div class=\"elementor-element elementor-element-cc14da6 e-con-full e-flex e-con e-child\" data-id=\"cc14da6\" data-element_type=\"container\" data-e-type=\"container\">\n\t\t<div class=\"elementor-element elementor-element-6381192 e-con-full e-flex e-con e-child\" data-id=\"6381192\" data-element_type=\"container\" data-e-type=\"container\">\n\t\t\t\t<div class=\"elementor-element elementor-element-7063c40 elementor-widget elementor-widget-image\" data-id=\"7063c40\" data-element_type=\"widget\" data-e-type=\"widget\" data-widget_type=\"image.default\">\n\t\t\t\t<div class=\"elementor-widget-container\">\n\t\t\t\t\t\t\t\t\t\t\t\t\t\t\t<img fetchpriority=\"high\" decoding=\"async\" width=\"768\" height=\"1024\" src=\"https:\/\/eniede.eu\/wp-content\/uploads\/2024\/07\/IMG_2005-768x1024.jpg\" class=\"attachment-medium_large size-medium_large wp-image-2278\" alt=\"\" srcset=\"https:\/\/eniede.eu\/wp-content\/uploads\/2024\/07\/IMG_2005-768x1024.jpg 768w, https:\/\/eniede.eu\/wp-content\/uploads\/2024\/07\/IMG_2005-225x300.jpg 225w, https:\/\/eniede.eu\/wp-content\/uploads\/2024\/07\/IMG_2005-1152x1536.jpg 1152w, https:\/\/eniede.eu\/wp-content\/uploads\/2024\/07\/IMG_2005-1536x2048.jpg 1536w, https:\/\/eniede.eu\/wp-content\/uploads\/2024\/07\/IMG_2005-scaled.jpg 1920w\" sizes=\"(max-width: 768px) 100vw, 768px\" \/>\t\t\t\t\t\t\t\t\t\t\t\t\t\t\t<\/div>\n\t\t\t\t<\/div>\n\t\t\t\t<\/div>\n\t\t\t\t<\/div>\n\t\t\t\t\t<\/div>\n\t\t\t\t<\/div>\n\t\t<div class=\"elementor-element elementor-element-3383513 e-flex e-con-boxed e-con e-parent\" data-id=\"3383513\" data-element_type=\"container\" data-e-type=\"container\">\n\t\t\t\t\t<div class=\"e-con-inner\">\n\t\t\t\t<div class=\"elementor-element elementor-element-8f62631 elementor-widget elementor-widget-spacer\" data-id=\"8f62631\" data-element_type=\"widget\" data-e-type=\"widget\" data-widget_type=\"spacer.default\">\n\t\t\t\t<div class=\"elementor-widget-container\">\n\t\t\t\t\t\t\t<div class=\"elementor-spacer\">\n\t\t\t<div class=\"elementor-spacer-inner\"><\/div>\n\t\t<\/div>\n\t\t\t\t\t\t<\/div>\n\t\t\t\t<\/div>\n\t\t\t\t\t<\/div>\n\t\t\t\t<\/div>\n\t\t<div class=\"elementor-element elementor-element-22d5bc4 e-flex e-con-boxed e-con e-parent\" data-id=\"22d5bc4\" data-element_type=\"container\" data-e-type=\"container\">\n\t\t\t\t\t<div class=\"e-con-inner\">\n\t\t<div class=\"elementor-element elementor-element-ede4b91 e-con-full e-flex e-con e-child\" data-id=\"ede4b91\" data-element_type=\"container\" data-e-type=\"container\">\n\t\t\t\t<div class=\"elementor-element elementor-element-83ef395 elementor-widget elementor-widget-image\" data-id=\"83ef395\" data-element_type=\"widget\" data-e-type=\"widget\" data-widget_type=\"image.default\">\n\t\t\t\t<div class=\"elementor-widget-container\">\n\t\t\t\t\t\t\t\t\t\t\t\t\t\t\t<img decoding=\"async\" width=\"300\" height=\"249\" src=\"https:\/\/eniede.eu\/wp-content\/uploads\/2024\/07\/IMG_2006-300x249.jpg\" class=\"attachment-medium size-medium wp-image-2283\" alt=\"\" srcset=\"https:\/\/eniede.eu\/wp-content\/uploads\/2024\/07\/IMG_2006-300x249.jpg 300w, https:\/\/eniede.eu\/wp-content\/uploads\/2024\/07\/IMG_2006-1024x851.jpg 1024w, https:\/\/eniede.eu\/wp-content\/uploads\/2024\/07\/IMG_2006-768x638.jpg 768w, https:\/\/eniede.eu\/wp-content\/uploads\/2024\/07\/IMG_2006-1536x1276.jpg 1536w, https:\/\/eniede.eu\/wp-content\/uploads\/2024\/07\/IMG_2006-2048x1701.jpg 2048w\" sizes=\"(max-width: 300px) 100vw, 300px\" \/>\t\t\t\t\t\t\t\t\t\t\t\t\t\t\t<\/div>\n\t\t\t\t<\/div>\n\t\t\t\t<\/div>\n\t\t\t\t<div class=\"elementor-element elementor-element-dd3ad84 elementor-widget elementor-widget-text-editor\" data-id=\"dd3ad84\" data-element_type=\"widget\" data-e-type=\"widget\" data-widget_type=\"text-editor.default\">\n\t\t\t\t<div class=\"elementor-widget-container\">\n\t\t\t\t\t\t\t\t\t<p>Aceast\u0103 mobilitate a fost o oportunitate \u00eembog\u0103\u021bitoare de a observa \u0219i \u00eemp\u0103rt\u0103\u0219i practici didactice inovatoare, de a consolida cooperarea interna\u021bional\u0103 \u00eentre profesori \u0219i de a finaliza produc\u021bii concrete \u00een cadrul proiectului. \u00cen ciuda provoc\u0103rilor administrative \u00eent\u00e2mpinate, obiectivele au fost atinse, preg\u0103tind terenul pentru urm\u0103toarea faz\u0103 a proiectului, programat\u0103 pentru aprilie 2023.<\/p>\n\t\t\t\t\t\t\t\t<\/div>\n\t\t\t\t<\/div>\n\t\t\t\t\t<\/div>\n\t\t\t\t<\/div>\n\t\t\t\t<\/div>\n\t\t","protected":false},"excerpt":{"rendered":"<p>Aceast\u0103 mutare reprezint\u0103 a doua etap\u0103 a proiectului, prima av\u00e2nd loc la Ch\u00e2lons-en-Champagne \u00een noiembrie 2023. Acesta a reunit echipele din Belgia (Dominique) \u0219i Avignon (Marie \u0219i Linda). Obiectivele acestui program de mobilitate au fost urm\u0103toarele: Observa\u021bi practicile didactice ale profesorilor \u00een clasele lor. \u00cenfiin\u021barea unui program educa\u021bional (din faza 1). Schimbul de bune practici. [&hellip;]<\/p>\n","protected":false},"author":1,"featured_media":0,"parent":0,"menu_order":0,"comment_status":"closed","ping_status":"closed","template":"","meta":{"footnotes":""},"class_list":["post-2290","page","type-page","status-publish","hentry","entry"],"_links":{"self":[{"href":"https:\/\/eniede.eu\/ro\/wp-json\/wp\/v2\/pages\/2290","targetHints":{"allow":["GET"]}}],"collection":[{"href":"https:\/\/eniede.eu\/ro\/wp-json\/wp\/v2\/pages"}],"about":[{"href":"https:\/\/eniede.eu\/ro\/wp-json\/wp\/v2\/types\/page"}],"author":[{"embeddable":true,"href":"https:\/\/eniede.eu\/ro\/wp-json\/wp\/v2\/users\/1"}],"replies":[{"embeddable":true,"href":"https:\/\/eniede.eu\/ro\/wp-json\/wp\/v2\/comments?post=2290"}],"version-history":[{"count":3,"href":"https:\/\/eniede.eu\/ro\/wp-json\/wp\/v2\/pages\/2290\/revisions"}],"predecessor-version":[{"id":2295,"href":"https:\/\/eniede.eu\/ro\/wp-json\/wp\/v2\/pages\/2290\/revisions\/2295"}],"wp:attachment":[{"href":"https:\/\/eniede.eu\/ro\/wp-json\/wp\/v2\/media?parent=2290"}],"curies":[{"name":"wp","href":"https:\/\/api.w.org\/{rel}","templated":true}]}}